{"id":2684,"date":"2024-06-19T11:48:33","date_gmt":"2024-06-19T11:48:33","guid":{"rendered":"https:\/\/ecovidainstalacions.es\/?page_id=2684"},"modified":"2024-07-23T08:01:32","modified_gmt":"2024-07-23T08:01:32","slug":"aire-acondicionado","status":"publish","type":"page","link":"https:\/\/ecovidainstalacions.es\/gl\/aire-acondicionado\/","title":{"rendered":"AIRE ACONDICIONADO"},"content":{"rendered":"<p><div class=\"fusion-fullwidth fullwidth-box fusion-builder-row-1 nonhundred-percent-fullwidth non-hundred-percent-height-scrolling\" style=\"--awb-background-position:left top;--awb-border-sizes-top:0px;--awb-border-sizes-bottom:0px;--awb-border-sizes-left:0px;--awb-border-sizes-right:0px;--awb-border-radius-top-left:0px;--awb-border-radius-top-right:0px;--awb-border-radius-bottom-right:0px;--awb-border-radius-bottom-left:0px;--awb-padding-top:50px;--awb-padding-bottom:50px;--awb-background-color:#ec0000;--awb-flex-wrap:wrap;\" ><div class=\"fusion-builder-row fusion-row\"><div class=\"fusion-layout-column fusion_builder_column fusion-builder-column-0 fusion_builder_column_1_1 1_1 fusion-one-full fusion-column-first fusion-column-last\" style=\"--awb-bg-color:rgba(236,0,0,0);--awb-bg-color-hover:rgba(236,0,0,0);--awb-bg-size:cover;\"><div class=\"fusion-column-wrapper fusion-column-has-shadow fusion-flex-column-wrapper-legacy\"><div class=\"fusion-text fusion-text-1\"><h2 style=\"font-weight: 300; text-align: center;\" data-fontsize=\"32\" data-lineheight=\"41\"><span style=\"color: #ffffff;\">\u00bfTes alg\u00fan proxecto no que che poidamos axudar?<\/span><\/h2>\n<\/div><div class=\"fusion-clearfix\"><\/div><\/div><\/div><\/div><\/div><div class=\"fusion-fullwidth fullwidth-box fusion-builder-row-2 nonhundred-percent-fullwidth non-hundred-percent-height-scrolling\" style=\"--awb-background-position:left top;--awb-border-sizes-top:0px;--awb-border-sizes-bottom:0px;--awb-border-sizes-left:0px;--awb-border-sizes-right:0px;--awb-border-radius-top-left:0px;--awb-border-radius-top-right:0px;--awb-border-radius-bottom-right:0px;--awb-border-radius-bottom-left:0px;--awb-padding-top:0px;--awb-padding-bottom:20px;--awb-background-color:#ffffff;--awb-flex-wrap:wrap;\" ><div class=\"fusion-builder-row fusion-row\"><div class=\"fusion-layout-column fusion_builder_column fusion-builder-column-1 fusion_builder_column_1_1 1_1 fusion-one-full fusion-column-first fusion-column-last\" style=\"--awb-bg-blend:overlay;--awb-bg-size:cover;--awb-margin-top:-22px;\"><div class=\"fusion-column-wrapper fusion-flex-column-wrapper-legacy\"><div class=\"fusion-aligncenter\"><a class=\"fusion-button button-flat fusion-button-default-size button-custom fusion-button-default button-1 fusion-button-default-span fusion-button-default-type\" style=\"--button_accent_color:#ffffff;--button_border_color:#ffffff;--button_accent_hover_color:#333333;--button_border_hover_color:#333333;--button_border_width-top:2px;--button_border_width-right:2px;--button_border_width-bottom:2px;--button_border_width-left:2px;--button_gradient_top_color:#333333;--button_gradient_bottom_color:#333333;--button_gradient_top_color_hover:#ffffff;--button_gradient_bottom_color_hover:#ffffff;\" target=\"_self\" href=\"https:\/\/ecovidainstalacions.es\/contacto\/\"><span class=\"fusion-button-text awb-button__text awb-button__text--default\">Orzamento gratuito<\/span><\/a><\/div><div class=\"fusion-clearfix\"><\/div><\/div><\/div><\/div><\/div><div class=\"fusion-fullwidth fullwidth-box fusion-builder-row-3 fusion-flex-container has-pattern-background has-mask-background nonhundred-percent-fullwidth non-hundred-percent-height-scrolling\" style=\"--awb-border-radius-top-left:0px;--awb-border-radius-top-right:0px;--awb-border-radius-bottom-right:0px;--awb-border-radius-bottom-left:0px;--awb-flex-wrap:wrap;\" ><div class=\"fusion-builder-row fusion-row fusion-flex-align-items-flex-start fusion-flex-content-wrap\" style=\"max-width:1216.8px;margin-left: calc(-4% \/ 2 );margin-right: calc(-4% \/ 2 );\"><div class=\"fusion-layout-column fusion_builder_column fusion-builder-column-2 fusion_builder_column_1_2 1_2 fusion-flex-column\" style=\"--awb-bg-size:cover;--awb-width-large:50%;--awb-margin-top-large:0px;--awb-spacing-right-large:3.84%;--awb-margin-bottom-large:0px;--awb-spacing-left-large:3.84%;--awb-width-medium:100%;--awb-order-medium:0;--awb-spacing-right-medium:1.92%;--awb-spacing-left-medium:1.92%;--awb-width-small:100%;--awb-order-small:0;--awb-spacing-right-small:1.92%;--awb-spacing-left-small:1.92%;\"><div class=\"fusion-column-wrapper fusion-column-has-shadow fusion-flex-justify-content-flex-start fusion-content-layout-column\"><div class=\"fusion-text fusion-text-2\"><h2 style=\"text-align: center;\" data-fontsize=\"32\" data-lineheight=\"41\">\u00bfC\u00f3mo funciona unha caldeira de le\u00f1a?<\/h2>\n<\/div><div class=\"fusion-separator\" style=\"align-self: center;margin-left: auto;margin-right: auto;margin-bottom:30px;width:100%;max-width:206px;\"><div class=\"fusion-separator-border sep-single sep-solid\" style=\"--awb-height:20px;--awb-amount:20px;--awb-sep-color:#ec0000;border-color:#ec0000;border-top-width:2px;\"><\/div><\/div><div class=\"fusion-text fusion-text-3\"><p>Unha <strong>caldeira de le\u00f1a<\/strong> funciona da mesma maneira que unha caldeira de gas ou de gas\u00f3leo. O dispositivo simplemente utiliza <strong>combustible ecol\u00f3xico<\/strong>, madeira, en forma de troncos.<\/p>\n<p>A caldeira de le\u00f1a consta de tres elementos principais : unha c\u00e1mara de combusti\u00f3n; un intercambiador de calor; unha zona de enchido, onde o usuario coloca a le\u00f1a manualmente.<\/p>\n<p>Cando a le\u00f1a arde transf\u00edrese o calor xerado \u00f3 circuito hidr\u00e1ulico, para dar servizo de <strong>calefacci\u00f3n<\/strong> a trav\u00e9s de radiadores ou chan radiante, e producir <strong>auga quente sanitaria<\/strong>.<\/p>\n<p>A autonom\u00eda dunha caldeira de le\u00f1a depender\u00e1 de varios factores, como a calidade da le\u00f1a, a capacidade da zona de enchido da m\u00e1quina, ou do tipo de sistema, poder\u00e1n ser necesarias cargas continuas nun sistema cun insertable de le\u00f1a, ou soamente unha carga diaria nun sistema con <strong>caldeira de gasificaci\u00f3n e chama invertida<\/strong>.<\/p>\n<\/div><\/div><\/div><div class=\"fusion-layout-column fusion_builder_column fusion-builder-column-3 fusion_builder_column_1_2 1_2 fusion-flex-column\" style=\"--awb-bg-size:cover;--awb-width-large:50%;--awb-margin-top-large:0px;--awb-spacing-right-large:3.84%;--awb-margin-bottom-large:0px;--awb-spacing-left-large:3.84%;--awb-width-medium:100%;--awb-order-medium:0;--awb-spacing-right-medium:1.92%;--awb-spacing-left-medium:1.92%;--awb-width-small:100%;--awb-order-small:0;--awb-spacing-right-small:1.92%;--awb-spacing-left-small:1.92%;\"><div class=\"fusion-column-wrapper fusion-column-has-shadow fusion-flex-justify-content-flex-start fusion-content-layout-column\"><div class=\"fusion-separator fusion-full-width-sep\" style=\"align-self: center;margin-left: auto;margin-right: auto;margin-bottom:30px;width:100%;\"><\/div><div class=\"fusion-image-element \" style=\"--awb-caption-title-font-family:var(--h2_typography-font-family);--awb-caption-title-font-weight:var(--h2_typography-font-weight);--awb-caption-title-font-style:var(--h2_typography-font-style);--awb-caption-title-size:var(--h2_typography-font-size);--awb-caption-title-transform:var(--h2_typography-text-transform);--awb-caption-title-line-height:var(--h2_typography-line-height);--awb-caption-title-letter-spacing:var(--h2_typography-letter-spacing);\"><span class=\" fusion-imageframe imageframe-none imageframe-1 hover-type-none\"><img decoding=\"async\" width=\"1276\" height=\"1024\" title=\"esquema-multisplit\" src=\"https:\/\/ecovidainstalacions.es\/wp-content\/uploads\/2024\/07\/esquema-multisplit.jpg\" alt class=\"img-responsive wp-image-3204\" srcset=\"https:\/\/ecovidainstalacions.es\/wp-content\/uploads\/2024\/07\/esquema-multisplit-200x161.jpg 200w, https:\/\/ecovidainstalacions.es\/wp-content\/uploads\/2024\/07\/esquema-multisplit-400x321.jpg 400w, https:\/\/ecovidainstalacions.es\/wp-content\/uploads\/2024\/07\/esquema-multisplit-600x482.jpg 600w, https:\/\/ecovidainstalacions.es\/wp-content\/uploads\/2024\/07\/esquema-multisplit-800x642.jpg 800w, https:\/\/ecovidainstalacions.es\/wp-content\/uploads\/2024\/07\/esquema-multisplit-1200x963.jpg 1200w, https:\/\/ecovidainstalacions.es\/wp-content\/uploads\/2024\/07\/esquema-multisplit.jpg 1276w\" sizes=\"(max-width: 1024px) 100vw, (max-width: 640px) 100vw, 600px\" \/><\/span><\/div><\/div><\/div><\/div><\/div><div class=\"fusion-fullwidth fullwidth-box fusion-builder-row-4 fusion-flex-container has-pattern-background has-mask-background nonhundred-percent-fullwidth non-hundred-percent-height-scrolling\" style=\"--awb-border-radius-top-left:0px;--awb-border-radius-top-right:0px;--awb-border-radius-bottom-right:0px;--awb-border-radius-bottom-left:0px;--awb-background-color:#f5f5f5;--awb-flex-wrap:wrap;\" ><div class=\"fusion-builder-row fusion-row fusion-flex-align-items-flex-start fusion-flex-content-wrap\" style=\"max-width:1216.8px;margin-left: calc(-4% \/ 2 );margin-right: calc(-4% \/ 2 );\"><div class=\"fusion-layout-column fusion_builder_column fusion-builder-column-4 fusion_builder_column_1_1 1_1 fusion-flex-column\" style=\"--awb-bg-size:cover;--awb-width-large:100%;--awb-margin-top-large:0px;--awb-spacing-right-large:1.92%;--awb-margin-bottom-large:0px;--awb-spacing-left-large:1.92%;--awb-width-medium:100%;--awb-order-medium:0;--awb-spacing-right-medium:1.92%;--awb-spacing-left-medium:1.92%;--awb-width-small:100%;--awb-order-small:0;--awb-spacing-right-small:1.92%;--awb-spacing-left-small:1.92%;\"><div class=\"fusion-column-wrapper fusion-column-has-shadow fusion-flex-justify-content-flex-start fusion-content-layout-column\"><div class=\"fusion-section-separator section-separator big-half-circle fusion-section-separator-1\" style=\"--awb-spacer-height:99px;--awb-svg-margin-left:1.92%;--awb-svg-margin-right:1.92%;--awb-svg-margin-left-medium:1.92%;--awb-svg-margin-right-medium:1.92%;--awb-svg-margin-left-small:1.92%;--awb-svg-margin-right-small:1.92%;--awb-divider-height:99px;--awb-spacer-padding-top:inherit;--awb-sep-padding:0;--awb-svg-padding:0;\"><div class=\"fusion-section-separator-svg\"><svg class=\"fusion-big-half-circle-candy\" xmlns=\"http:\/\/www.w3.org\/2000\/svg\" version=\"1.1\" width=\"100%\" height=\"100\" viewBox=\"0 0 100 100\" preserveAspectRatio=\"none\" fill=\"rgba(255,255,255,1)\"><path d=\"M0 0 C55 180 100 0 100 0 Z\"><\/path><\/svg><\/div><div class=\"fusion-section-separator-spacer\"><div class=\"fusion-section-separator-spacer-height\"><\/div><\/div><\/div><div class=\"fusion-text fusion-text-4\"><h2 style=\"text-align: center;\" data-fontsize=\"32\" data-lineheight=\"41\">Vantaxes dun sistema de calefacci\u00f3n con le\u00f1a<\/h2>\n<\/div><div class=\"fusion-separator\" style=\"align-self: center;margin-left: auto;margin-right: auto;margin-bottom:30px;width:100%;max-width:206px;\"><div class=\"fusion-separator-border sep-single sep-solid\" style=\"--awb-height:20px;--awb-amount:20px;--awb-sep-color:#ec0000;border-color:#ec0000;border-top-width:2px;\"><\/div><\/div><div class=\"fusion-text fusion-text-5\"><p>As <strong>caldeiras de le\u00f1a<\/strong> son econ\u00f3micas, duradeiras e respectuosas co medio ambiente. A madeira \u00e9 unha materia prima renovable e dispo\u00f1ible localmente, que\u00a0 experimenta baixas fluctuaci\u00f3ns de prezos e \u00e9 menos custosa que o gas\u00f3leo ou o gas, podendo acadarse <strong>aforros de entre o 40% e o 100%<\/strong> (no caso de autoconsumo de le\u00f1a). Adem\u00e1is, a combusti\u00f3n dunha caldeira de biomasa \u00e9 <strong>neutra en CO\u2082<\/strong>, polo que se trata dun sistema de calefacci\u00f3n renovable.<\/p>\n<p>Por outra parte \u00e9 unha tecnolox\u00eda de calefacci\u00f3n probada, segura e eficiente, con <strong>rendementos de ata o 9o%<\/strong> no caso das caldeiras de gasificaci\u00f3n, e con m\u00faltiples posibilidades de instalaci\u00f3n: p\u00f3dense instalar en substituci\u00f3n dun sistema tradicional de gas\u00f3leo ou gas; tam\u00e9n se pode instalar en paralelo, tendo a posibilidade de traballar c\u00f3s dous sistemas. Existe tam\u00e9n a posibilidade de instalar coa caldeira un <strong>dep\u00f3sito de inercia<\/strong> para mellorar o rendemento da instalaci\u00f3n e a comodidade dos usuarios.<\/p>\n<\/div><\/div><\/div><\/div><\/div><div class=\"fusion-fullwidth fullwidth-box fusion-builder-row-5 fusion-flex-container has-pattern-background has-mask-background nonhundred-percent-fullwidth non-hundred-percent-height-scrolling\" style=\"--awb-border-radius-top-left:0px;--awb-border-radius-top-right:0px;--awb-border-radius-bottom-right:0px;--awb-border-radius-bottom-left:0px;--awb-flex-wrap:wrap;\" ><div class=\"fusion-builder-row fusion-row fusion-flex-align-items-flex-start fusion-flex-content-wrap\" style=\"max-width:1216.8px;margin-left: calc(-4% \/ 2 );margin-right: calc(-4% \/ 2 );\"><div class=\"fusion-layout-column fusion_builder_column fusion-builder-column-5 fusion_builder_column_1_1 1_1 fusion-flex-column\" style=\"--awb-bg-size:cover;--awb-width-large:100%;--awb-margin-top-large:0px;--awb-spacing-right-large:1.92%;--awb-margin-bottom-large:0px;--awb-spacing-left-large:1.92%;--awb-width-medium:100%;--awb-order-medium:0;--awb-spacing-right-medium:1.92%;--awb-spacing-left-medium:1.92%;--awb-width-small:100%;--awb-order-small:0;--awb-spacing-right-small:1.92%;--awb-spacing-left-small:1.92%;\"><div class=\"fusion-column-wrapper fusion-column-has-shadow fusion-flex-justify-content-flex-start fusion-content-layout-column\"><div class=\"fusion-separator fusion-full-width-sep\" style=\"align-self: center;margin-left: auto;margin-right: auto;margin-bottom:50px;width:100%;\"><\/div><div class=\"fusion-text fusion-text-6\"><h2 style=\"text-align: center;\" data-fontsize=\"32\" data-lineheight=\"41\">Tipos de sistemas de le\u00f1a<\/h2>\n<\/div><div class=\"fusion-separator\" style=\"align-self: center;margin-left: auto;margin-right: auto;margin-bottom:30px;width:100%;max-width:206px;\"><div class=\"fusion-separator-border sep-single sep-solid\" style=\"--awb-height:20px;--awb-amount:20px;--awb-sep-color:#ec0000;border-color:#ec0000;border-top-width:2px;\"><\/div><\/div><div class=\"fusion-flip-boxes flip-boxes row fusion-columns-3 flip-effect-classic equal-heights\"><div class=\"fusion-flip-box-wrapper fusion-column col-lg-4 col-md-4 col-sm-4\"><div class=\"fusion-flip-box flip-right\" tabindex=\"0\"><div class=\"flip-box-inner-wrapper\"><div class=\"flip-box-front\"><div class=\"flip-box-front-inner\"><h2 class=\"flip-box-heading\">aire<\/h2>Your Content Goes Here<\/div><\/div><div class=\"flip-box-back\"><div class=\"flip-box-back-inner\"><h3 class=\"flip-box-heading-back\">Your Content Goes Here<\/h3>\n<p>Your Content Goes Here<\/p>\n<\/div><\/div><\/div><\/div><\/div><div class=\"fusion-flip-box-wrapper fusion-column col-lg-4 col-md-4 col-sm-4\"><div class=\"fusion-flip-box flip-right\" tabindex=\"0\"><div class=\"flip-box-inner-wrapper\"><div class=\"flip-box-front\"><div class=\"flip-box-front-inner\"><h2 class=\"flip-box-heading\">acon<\/h2>Your Content Goes Here<\/div><\/div><div class=\"flip-box-back\"><div class=\"flip-box-back-inner\"><h3 class=\"flip-box-heading-back\">Your Content Goes Here<\/h3>\n<p>Your Content Goes Here<\/p>\n<\/div><\/div><\/div><\/div><\/div><div class=\"fusion-flip-box-wrapper fusion-column col-lg-4 col-md-4 col-sm-4\"><div class=\"fusion-flip-box flip-right\" tabindex=\"0\"><div class=\"flip-box-inner-wrapper\"><div class=\"flip-box-front\"><div class=\"flip-box-front-inner\"><h2 class=\"flip-box-heading\">dicionado<\/h2>Your Content Goes Here<\/div><\/div><div class=\"flip-box-back\"><div class=\"flip-box-back-inner\"><h3 class=\"flip-box-heading-back\">Your Content Goes Here<\/h3>\n<p>Your Content Goes Here<\/p>\n<\/div><\/div><\/div><\/div><\/div><\/div><\/div><\/div><\/div><\/div><div class=\"fusion-fullwidth fullwidth-box fusion-builder-row-6 fusion-flex-container has-pattern-background has-mask-background nonhundred-percent-fullwidth non-hundred-percent-height-scrolling\" style=\"--awb-border-radius-top-left:0px;--awb-border-radius-top-right:0px;--awb-border-radius-bottom-right:0px;--awb-border-radius-bottom-left:0px;--awb-background-color:#f5f5f5;--awb-flex-wrap:wrap;\" ><div class=\"fusion-builder-row fusion-row fusion-flex-align-items-flex-start fusion-flex-content-wrap\" style=\"max-width:1216.8px;margin-left: calc(-4% \/ 2 );margin-right: calc(-4% \/ 2 );\"><div class=\"fusion-layout-column fusion_builder_column fusion-builder-column-6 fusion_builder_column_1_1 1_1 fusion-flex-column\" style=\"--awb-bg-size:cover;--awb-width-large:100%;--awb-margin-top-large:0px;--awb-spacing-right-large:1.92%;--awb-margin-bottom-large:0px;--awb-spacing-left-large:1.92%;--awb-width-medium:100%;--awb-order-medium:0;--awb-spacing-right-medium:1.92%;--awb-spacing-left-medium:1.92%;--awb-width-small:100%;--awb-order-small:0;--awb-spacing-right-small:1.92%;--awb-spacing-left-small:1.92%;\"><div class=\"fusion-column-wrapper fusion-column-has-shadow fusion-flex-justify-content-flex-start fusion-content-layout-column\"><div class=\"fusion-section-separator section-separator waves fusion-section-separator-2\" style=\"--awb-spacer-padding-top:15.8203125%;--awb-svg-margin-left:1.92%;--awb-svg-margin-right:1.92%;--awb-svg-margin-left-medium:1.92%;--awb-svg-margin-right-medium:1.92%;--awb-svg-margin-left-small:1.92%;--awb-svg-margin-right-small:1.92%;--awb-sep-font-size:0;--awb-sep-line-height:0;\"><div class=\"fusion-section-separator-svg\"><svg class=\"fusion-waves-candy\" xmlns=\"http:\/\/www.w3.org\/2000\/svg\" version=\"1.1\" width=\"100%\" viewBox=\"0 1 1024 162\" preserveAspectRatio=\"none\" fill=\"rgba(255,255,255,1)\"><path class=\"st3\" d=\"M1024.1.156H.1V3.2c50.8 17.1 108.7 30.7 172.7 37.9 178.6 19.8 220-36.8 404.9-21.3 206.6 17.2 228 126.5 434.5 141.6 3.9.3 7.9.5 11.9.7V.156z\"\/><\/svg><\/div><div class=\"fusion-section-separator-spacer\"><div class=\"fusion-section-separator-spacer-height\"><\/div><\/div><\/div><div class=\"fusion-builder-row fusion-builder-row-inner fusion-row fusion-flex-align-items-flex-start fusion-flex-content-wrap\" style=\"width:104% !important;max-width:104% !important;margin-left: calc(-4% \/ 2 );margin-right: calc(-4% \/ 2 );\"><div class=\"fusion-layout-column fusion_builder_column_inner fusion-builder-nested-column-0 fusion_builder_column_inner_1_2 1_2 fusion-flex-column\" style=\"--awb-bg-size:cover;--awb-width-large:50%;--awb-margin-top-large:0px;--awb-spacing-right-large:3.84%;--awb-margin-bottom-large:0px;--awb-spacing-left-large:3.84%;--awb-width-medium:100%;--awb-order-medium:0;--awb-spacing-right-medium:1.92%;--awb-spacing-left-medium:1.92%;--awb-width-small:100%;--awb-order-small:0;--awb-spacing-right-small:1.92%;--awb-spacing-left-small:1.92%;\"><div class=\"fusion-column-wrapper fusion-column-has-shadow fusion-flex-justify-content-flex-start fusion-content-layout-column\"><div class=\"fusion-separator fusion-full-width-sep\" style=\"align-self: center;margin-left: auto;margin-right: auto;margin-bottom:25px;width:100%;\"><\/div><div class=\"fusion-image-element \" style=\"--awb-caption-title-font-family:var(--h2_typography-font-family);--awb-caption-title-font-weight:var(--h2_typography-font-weight);--awb-caption-title-font-style:var(--h2_typography-font-style);--awb-caption-title-size:var(--h2_typography-font-size);--awb-caption-title-transform:var(--h2_typography-text-transform);--awb-caption-title-line-height:var(--h2_typography-line-height);--awb-caption-title-letter-spacing:var(--h2_typography-letter-spacing);\"><span class=\" fusion-imageframe imageframe-none imageframe-2 hover-type-none\"><img decoding=\"async\" width=\"630\" height=\"410\" title=\"Instalador-aire-acondicionado-pontevedra\" src=\"https:\/\/ecovidainstalacions.es\/wp-content\/uploads\/2024\/07\/Instalador-aire-acondicionado-pontevedra.jpg\" alt class=\"img-responsive wp-image-3206\" srcset=\"https:\/\/ecovidainstalacions.es\/wp-content\/uploads\/2024\/07\/Instalador-aire-acondicionado-pontevedra-200x130.jpg 200w, https:\/\/ecovidainstalacions.es\/wp-content\/uploads\/2024\/07\/Instalador-aire-acondicionado-pontevedra-400x260.jpg 400w, https:\/\/ecovidainstalacions.es\/wp-content\/uploads\/2024\/07\/Instalador-aire-acondicionado-pontevedra-600x390.jpg 600w, https:\/\/ecovidainstalacions.es\/wp-content\/uploads\/2024\/07\/Instalador-aire-acondicionado-pontevedra.jpg 630w\" sizes=\"(max-width: 1024px) 100vw, (max-width: 640px) 100vw, 600px\" \/><\/span><\/div><\/div><\/div><div class=\"fusion-layout-column fusion_builder_column_inner fusion-builder-nested-column-1 fusion_builder_column_inner_1_2 1_2 fusion-flex-column\" style=\"--awb-bg-size:cover;--awb-width-large:50%;--awb-margin-top-large:0px;--awb-spacing-right-large:3.84%;--awb-margin-bottom-large:0px;--awb-spacing-left-large:3.84%;--awb-width-medium:100%;--awb-order-medium:0;--awb-spacing-right-medium:1.92%;--awb-spacing-left-medium:1.92%;--awb-width-small:100%;--awb-order-small:0;--awb-spacing-right-small:1.92%;--awb-spacing-left-small:1.92%;\"><div class=\"fusion-column-wrapper fusion-column-has-shadow fusion-flex-justify-content-flex-start fusion-content-layout-column\"><div class=\"fusion-text fusion-text-7\"><h2 style=\"font-weight: 300;\" data-fontsize=\"32\" data-lineheight=\"41\">\u00bfQueres instalar unha caldeira de le\u00f1a?<\/h2>\n<\/div><div class=\"fusion-separator\" style=\"align-self: center;margin-left: auto;margin-right: auto;margin-bottom:30px;width:100%;max-width:206px;\"><div class=\"fusion-separator-border sep-single sep-solid\" style=\"--awb-height:20px;--awb-amount:20px;--awb-sep-color:#ec0000;border-color:#ec0000;border-top-width:2px;\"><\/div><\/div><div class=\"fusion-text fusion-text-8\"><p>Si est\u00e1s pensando en <strong>instalar unha caldeira de le\u00f1a<\/strong>, Ecovida Instalaci\u00f3ns somos unha <strong>empresa instaladora de caldeiras de le\u00f1a na provincia de Pontevedra<\/strong>.<\/p>\n<p>Tant para sustituir unha caldeira de gas ou gas\u00f3leo, ou para combinar os dous sistemas, <strong>instalar unha caldeira de biomasa en Pontevedra<\/strong> \u00e9 unha das mellores opci\u00f3ns para ter un sistema de calefacci\u00f3n renovable e econ\u00f3mico. O aforro no custo do combustible respecto \u00f3 gas\u00f3leo ou \u00f3 gas \u00e9 superior \u00f3 50%.<\/p>\n<p>Adem\u00e1is, en Ecovida instalaci\u00f3ns tramitamos as <strong>subvenci\u00f3ns do INEGA<\/strong> (Instituto enerx\u00e9tico de Galicia) dispo\u00f1ibles para estes proxectos.<\/p>\n<p>Tanto si est\u00e1s pensando en instalar unha <strong>caldeira de le\u00f1a de chama invertida<\/strong>, unha <strong>caldeira de le\u00f1a convencional<\/strong>, ou un <strong>insertable de le\u00f1a<\/strong>, contacta con n\u00f3s, asesorar\u00e9moste da mellor maneira posible.<\/p>\n<\/div><\/div><\/div><\/div><div class=\"fusion-separator fusion-full-width-sep\" style=\"align-self: center;margin-left: auto;margin-right: auto;margin-bottom:50px;width:100%;\"><\/div><div class=\"fusion-separator\" style=\"align-self: center;margin-left: auto;margin-right: auto;margin-bottom:30px;width:100%;max-width:1500px;\"><div class=\"fusion-separator-border sep-shadow\" style=\"--awb-height:20px;--awb-amount:20px;--awb-sep-color:#ffffff;background:radial-gradient(ellipse at 50% -50% , Custom 11 0px, rgba(255, 255, 255, 0) 80%) repeat scroll 0 0 rgba(0, 0, 0, 0);background:-webkit-radial-gradient(ellipse at 50% -50% , Custom 11 0px, rgba(255, 255, 255, 0) 80%) repeat scroll 0 0 rgba(0, 0, 0, 0);background:-moz-radial-gradient(ellipse at 50% -50% , Custom 11 0px, rgba(255, 255, 255, 0) 80%) repeat scroll 0 0 rgba(0, 0, 0, 0);background:-o-radial-gradient(ellipse at 50% -50% , Custom 11 0px, rgba(255, 255, 255, 0) 80%) repeat scroll 0 0 rgba(0, 0, 0, 0);\"><\/div><\/div><\/div><\/div><\/div><\/div><div class=\"fusion-bg-parallax\" data-bg-align=\"center bottom\" data-direction=\"down\" data-mute=\"false\" data-opacity=\"100\" data-velocity=\"-0.3\" data-mobile-enabled=\"false\" data-break_parents=\"0\" data-bg-image=\"https:\/\/ecovidainstalacions.es\/wp-content\/uploads\/2024\/07\/abajo.jpg\" data-bg-repeat=\"false\" data-bg-color=\"#3f3f3f\" ><\/div><div class=\"fusion-fullwidth fullwidth-box fusion-builder-row-7 has-pattern-background has-mask-background fusion-parallax-down nonhundred-percent-fullwidth non-hundred-percent-height-scrolling fusion-equal-height-columns\" style=\"--awb-background-position:center bottom;--awb-border-sizes-top:0px;--awb-border-sizes-bottom:0px;--awb-border-sizes-left:0px;--awb-border-sizes-right:0px;--awb-border-radius-top-left:0px;--awb-border-radius-top-right:0px;--awb-border-radius-bottom-right:0px;--awb-border-radius-bottom-left:0px;--awb-padding-top:100px;--awb-padding-bottom:90px;--awb-background-color:#3f3f3f;--awb-background-image:url(&quot;https:\/\/ecovidainstalacions.es\/wp-content\/uploads\/2024\/07\/abajo.jpg&quot;);--awb-background-size:cover;--awb-flex-wrap:wrap;\" ><div class=\"fusion-builder-row fusion-row\"><div class=\"fusion-layout-column fusion_builder_column fusion-builder-column-7 fusion_builder_column_2_3 2_3 fusion-two-third fusion-column-first\" style=\"--awb-bg-blend:overlay;--awb-bg-size:cover;--awb-margin-bottom:25px;width:66.666666666667%;width:calc(66.666666666667% - ( ( 50px ) * 0.66666666666667 ) );margin-right: 50px;\"><div class=\"fusion-column-wrapper fusion-flex-column-wrapper-legacy\"><div class=\"fusion-column-content-centered\"><div class=\"fusion-column-content\"><div class=\"fusion-text fusion-text-9\"><h1 style=\"font-weight: 300;\" data-fontsize=\"34\" data-lineheight=\"47\"><span style=\"color: #ffffff;\">\u00bfQueres instalar aire acondicionado?<\/span><\/h1>\n<\/div><div class=\"fusion-sep-clear\"><\/div><div class=\"fusion-separator fusion-clearfix\" style=\"float:left;margin-top:0px;margin-bottom:30px;width:100%;max-width:206px;\"><div class=\"fusion-separator-border sep-single sep-solid\" style=\"--awb-height:20px;--awb-amount:20px;--awb-sep-color:#ec0000;border-color:#ec0000;border-top-width:2px;\"><\/div><\/div><div class=\"fusion-sep-clear\"><\/div><div class=\"fusion-text fusion-text-10\"><h3 data-fontsize=\"20\" data-lineheight=\"29\"><span style=\"color: #ffffff;\">C\u00f3ntanos o que necesitas, e poderemos axudarte!<\/span><\/h3>\n<\/div><\/div><\/div><div class=\"fusion-clearfix\"><\/div><\/div><\/div><div class=\"fusion-layout-column fusion_builder_column fusion-builder-column-8 fusion_builder_column_1_3 1_3 fusion-one-third fusion-column-last\" style=\"--awb-bg-blend:overlay;--awb-bg-size:cover;width:33.333333333333%;width:calc(33.333333333333% - ( ( 50px ) * 0.33333333333333 ) );\"><div class=\"fusion-column-wrapper fusion-flex-column-wrapper-legacy\"><div class=\"fusion-column-content-centered\"><div class=\"fusion-column-content\"><div class=\"fusion-alignleft\"><a class=\"fusion-button button-flat button-xlarge button-default fusion-button-default button-2 fusion-button-default-span fusion-button-default-type\" target=\"_self\" title=\"ORZAMENTO GRATUITO\" aria-label=\"ORZAMENTO GRATUITO\" href=\"https:\/\/ecovidainstalacions.es\/contacto\"><span class=\"fusion-button-text awb-button__text awb-button__text--default\">orzamento gratuito<\/span><\/a><\/div><\/div><\/div><div class=\"fusion-clearfix\"><\/div><\/div><\/div><\/div><\/div><\/p>\n","protected":false},"excerpt":{"rendered":"","protected":false},"author":1,"featured_media":0,"parent":0,"menu_order":0,"comment_status":"closed","ping_status":"closed","template":"100-width.php","meta":{"footnotes":""},"class_list":["post-2684","page","type-page","status-publish","hentry"],"yoast_head":"<!-- This site is optimized with the Yoast SEO plugin v27.3 - https:\/\/yoast.com\/product\/yoast-seo-wordpress\/ -->\n<title>AIRE ACONDICIONADO - Ecovida Instalaci\u00f3ns<\/title>\n<meta name=\"robots\" content=\"index, follow, max-snippet:-1, max-image-preview:large, max-video-preview:-1\" \/>\n<link rel=\"canonical\" href=\"https:\/\/ecovidainstalacions.es\/gl\/aire-acondicionado\/\" \/>\n<meta property=\"og:locale\" content=\"gl_ES\" \/>\n<meta property=\"og:type\" content=\"article\" \/>\n<meta property=\"og:title\" content=\"AIRE ACONDICIONADO - Ecovida Instalaci\u00f3ns\" \/>\n<meta property=\"og:url\" content=\"https:\/\/ecovidainstalacions.es\/gl\/aire-acondicionado\/\" \/>\n<meta property=\"og:site_name\" content=\"Ecovida Instalaci\u00f3ns\" \/>\n<meta property=\"article:publisher\" content=\"https:\/\/www.facebook.com\/profile.php?id=100064154315748\" \/>\n<meta property=\"article:modified_time\" content=\"2024-07-23T08:01:32+00:00\" \/>\n<meta name=\"twitter:card\" content=\"summary_large_image\" \/>\n<meta name=\"twitter:label1\" content=\"Tempo de lectura\" \/>\n\t<meta name=\"twitter:data1\" content=\"4 minutos\" \/>\n<script type=\"application\/ld+json\" class=\"yoast-schema-graph\">{\"@context\":\"https:\\\/\\\/schema.org\",\"@graph\":[{\"@type\":\"WebPage\",\"@id\":\"https:\\\/\\\/ecovidainstalacions.es\\\/gl\\\/aire-acondicionado\\\/\",\"url\":\"https:\\\/\\\/ecovidainstalacions.es\\\/gl\\\/aire-acondicionado\\\/\",\"name\":\"AIRE ACONDICIONADO - Ecovida Instalaci\u00f3ns\",\"isPartOf\":{\"@id\":\"https:\\\/\\\/ecovidainstalacions.es\\\/gl\\\/#website\"},\"datePublished\":\"2024-06-19T11:48:33+00:00\",\"dateModified\":\"2024-07-23T08:01:32+00:00\",\"breadcrumb\":{\"@id\":\"https:\\\/\\\/ecovidainstalacions.es\\\/gl\\\/aire-acondicionado\\\/#breadcrumb\"},\"inLanguage\":\"gl-ES\",\"potentialAction\":[{\"@type\":\"ReadAction\",\"target\":[\"https:\\\/\\\/ecovidainstalacions.es\\\/gl\\\/aire-acondicionado\\\/\"]}]},{\"@type\":\"BreadcrumbList\",\"@id\":\"https:\\\/\\\/ecovidainstalacions.es\\\/gl\\\/aire-acondicionado\\\/#breadcrumb\",\"itemListElement\":[{\"@type\":\"ListItem\",\"position\":1,\"name\":\"Portada\",\"item\":\"https:\\\/\\\/ecovidainstalacions.es\\\/gl\\\/\"},{\"@type\":\"ListItem\",\"position\":2,\"name\":\"AIRE ACONDICIONADO\"}]},{\"@type\":\"WebSite\",\"@id\":\"https:\\\/\\\/ecovidainstalacions.es\\\/gl\\\/#website\",\"url\":\"https:\\\/\\\/ecovidainstalacions.es\\\/gl\\\/\",\"name\":\"Ecovida Instalaci\u00f3ns\",\"description\":\"Calefacci\u00f3n, fontaner\u00eda, climatizaci\u00f3n, renovables\",\"publisher\":{\"@id\":\"https:\\\/\\\/ecovidainstalacions.es\\\/gl\\\/#organization\"},\"potentialAction\":[{\"@type\":\"SearchAction\",\"target\":{\"@type\":\"EntryPoint\",\"urlTemplate\":\"https:\\\/\\\/ecovidainstalacions.es\\\/gl\\\/?s={search_term_string}\"},\"query-input\":{\"@type\":\"PropertyValueSpecification\",\"valueRequired\":true,\"valueName\":\"search_term_string\"}}],\"inLanguage\":\"gl-ES\"},{\"@type\":\"Organization\",\"@id\":\"https:\\\/\\\/ecovidainstalacions.es\\\/gl\\\/#organization\",\"name\":\"Ecovida Instalaci\u00f3ns\",\"url\":\"https:\\\/\\\/ecovidainstalacions.es\\\/gl\\\/\",\"logo\":{\"@type\":\"ImageObject\",\"inLanguage\":\"gl-ES\",\"@id\":\"https:\\\/\\\/ecovidainstalacions.es\\\/gl\\\/#\\\/schema\\\/logo\\\/image\\\/\",\"url\":\"https:\\\/\\\/ecovidainstalacions.es\\\/wp-content\\\/uploads\\\/2024\\\/07\\\/Logo-ecovida-fondo-blanco.png\",\"contentUrl\":\"https:\\\/\\\/ecovidainstalacions.es\\\/wp-content\\\/uploads\\\/2024\\\/07\\\/Logo-ecovida-fondo-blanco.png\",\"width\":1500,\"height\":700,\"caption\":\"Ecovida Instalaci\u00f3ns\"},\"image\":{\"@id\":\"https:\\\/\\\/ecovidainstalacions.es\\\/gl\\\/#\\\/schema\\\/logo\\\/image\\\/\"},\"sameAs\":[\"https:\\\/\\\/www.facebook.com\\\/profile.php?id=100064154315748\"]}]}<\/script>\n<!-- \/ Yoast SEO plugin. -->","yoast_head_json":{"title":"AIRE ACONDICIONADO - Ecovida Instalaci\u00f3ns","robots":{"index":"index","follow":"follow","max-snippet":"max-snippet:-1","max-image-preview":"max-image-preview:large","max-video-preview":"max-video-preview:-1"},"canonical":"https:\/\/ecovidainstalacions.es\/gl\/aire-acondicionado\/","og_locale":"gl_ES","og_type":"article","og_title":"AIRE ACONDICIONADO - Ecovida Instalaci\u00f3ns","og_url":"https:\/\/ecovidainstalacions.es\/gl\/aire-acondicionado\/","og_site_name":"Ecovida Instalaci\u00f3ns","article_publisher":"https:\/\/www.facebook.com\/profile.php?id=100064154315748","article_modified_time":"2024-07-23T08:01:32+00:00","twitter_card":"summary_large_image","twitter_misc":{"Tempo de lectura":"4 minutos"},"schema":{"@context":"https:\/\/schema.org","@graph":[{"@type":"WebPage","@id":"https:\/\/ecovidainstalacions.es\/gl\/aire-acondicionado\/","url":"https:\/\/ecovidainstalacions.es\/gl\/aire-acondicionado\/","name":"AIRE ACONDICIONADO - Ecovida Instalaci\u00f3ns","isPartOf":{"@id":"https:\/\/ecovidainstalacions.es\/gl\/#website"},"datePublished":"2024-06-19T11:48:33+00:00","dateModified":"2024-07-23T08:01:32+00:00","breadcrumb":{"@id":"https:\/\/ecovidainstalacions.es\/gl\/aire-acondicionado\/#breadcrumb"},"inLanguage":"gl-ES","potentialAction":[{"@type":"ReadAction","target":["https:\/\/ecovidainstalacions.es\/gl\/aire-acondicionado\/"]}]},{"@type":"BreadcrumbList","@id":"https:\/\/ecovidainstalacions.es\/gl\/aire-acondicionado\/#breadcrumb","itemListElement":[{"@type":"ListItem","position":1,"name":"Portada","item":"https:\/\/ecovidainstalacions.es\/gl\/"},{"@type":"ListItem","position":2,"name":"AIRE ACONDICIONADO"}]},{"@type":"WebSite","@id":"https:\/\/ecovidainstalacions.es\/gl\/#website","url":"https:\/\/ecovidainstalacions.es\/gl\/","name":"Ecovida Instalaci\u00f3ns","description":"Calefacci\u00f3n, fontaner\u00eda, climatizaci\u00f3n, renovables","publisher":{"@id":"https:\/\/ecovidainstalacions.es\/gl\/#organization"},"potentialAction":[{"@type":"SearchAction","target":{"@type":"EntryPoint","urlTemplate":"https:\/\/ecovidainstalacions.es\/gl\/?s={search_term_string}"},"query-input":{"@type":"PropertyValueSpecification","valueRequired":true,"valueName":"search_term_string"}}],"inLanguage":"gl-ES"},{"@type":"Organization","@id":"https:\/\/ecovidainstalacions.es\/gl\/#organization","name":"Ecovida Instalaci\u00f3ns","url":"https:\/\/ecovidainstalacions.es\/gl\/","logo":{"@type":"ImageObject","inLanguage":"gl-ES","@id":"https:\/\/ecovidainstalacions.es\/gl\/#\/schema\/logo\/image\/","url":"https:\/\/ecovidainstalacions.es\/wp-content\/uploads\/2024\/07\/Logo-ecovida-fondo-blanco.png","contentUrl":"https:\/\/ecovidainstalacions.es\/wp-content\/uploads\/2024\/07\/Logo-ecovida-fondo-blanco.png","width":1500,"height":700,"caption":"Ecovida Instalaci\u00f3ns"},"image":{"@id":"https:\/\/ecovidainstalacions.es\/gl\/#\/schema\/logo\/image\/"},"sameAs":["https:\/\/www.facebook.com\/profile.php?id=100064154315748"]}]}},"_links":{"self":[{"href":"https:\/\/ecovidainstalacions.es\/gl\/wp-json\/wp\/v2\/pages\/2684","targetHints":{"allow":["GET"]}}],"collection":[{"href":"https:\/\/ecovidainstalacions.es\/gl\/wp-json\/wp\/v2\/pages"}],"about":[{"href":"https:\/\/ecovidainstalacions.es\/gl\/wp-json\/wp\/v2\/types\/page"}],"author":[{"embeddable":true,"href":"https:\/\/ecovidainstalacions.es\/gl\/wp-json\/wp\/v2\/users\/1"}],"replies":[{"embeddable":true,"href":"https:\/\/ecovidainstalacions.es\/gl\/wp-json\/wp\/v2\/comments?post=2684"}],"version-history":[{"count":8,"href":"https:\/\/ecovidainstalacions.es\/gl\/wp-json\/wp\/v2\/pages\/2684\/revisions"}],"predecessor-version":[{"id":3222,"href":"https:\/\/ecovidainstalacions.es\/gl\/wp-json\/wp\/v2\/pages\/2684\/revisions\/3222"}],"wp:attachment":[{"href":"https:\/\/ecovidainstalacions.es\/gl\/wp-json\/wp\/v2\/media?parent=2684"}],"curies":[{"name":"wp","href":"https:\/\/api.w.org\/{rel}","templated":true}]}}