{"id":2744,"date":"2024-06-19T13:39:22","date_gmt":"2024-06-19T13:39:22","guid":{"rendered":"https:\/\/ecovidainstalacions.es\/?page_id=2744"},"modified":"2024-07-08T14:45:51","modified_gmt":"2024-07-08T14:45:51","slug":"ventilacion-mecanica","status":"publish","type":"page","link":"https:\/\/ecovidainstalacions.es\/gl\/ventilacion-mecanica\/","title":{"rendered":"VENTILACI\u00d3N MEC\u00c1NICA"},"content":{"rendered":"<p><div class=\"fusion-fullwidth fullwidth-box fusion-builder-row-1 nonhundred-percent-fullwidth non-hundred-percent-height-scrolling\" style=\"--awb-background-position:left top;--awb-border-sizes-top:0px;--awb-border-sizes-bottom:0px;--awb-border-sizes-left:0px;--awb-border-sizes-right:0px;--awb-border-radius-top-left:0px;--awb-border-radius-top-right:0px;--awb-border-radius-bottom-right:0px;--awb-border-radius-bottom-left:0px;--awb-padding-top:50px;--awb-padding-bottom:50px;--awb-background-color:#ec0000;--awb-flex-wrap:wrap;\" ><div class=\"fusion-builder-row fusion-row\"><div class=\"fusion-layout-column fusion_builder_column fusion-builder-column-0 fusion_builder_column_1_1 1_1 fusion-one-full fusion-column-first fusion-column-last\" style=\"--awb-bg-color:rgba(236,0,0,0);--awb-bg-color-hover:rgba(236,0,0,0);--awb-bg-size:cover;\"><div class=\"fusion-column-wrapper fusion-column-has-shadow fusion-flex-column-wrapper-legacy\"><div class=\"fusion-text fusion-text-1\"><h2 style=\"font-weight: 300; text-align: center;\" data-fontsize=\"32\" data-lineheight=\"41\"><span style=\"color: #ffffff;\">\u00bfTes alg\u00fan proxecto no que che poidamos axudar?<\/span><\/h2>\n<\/div><div class=\"fusion-clearfix\"><\/div><\/div><\/div><\/div><\/div><div class=\"fusion-fullwidth fullwidth-box fusion-builder-row-2 nonhundred-percent-fullwidth non-hundred-percent-height-scrolling\" style=\"--awb-background-position:left top;--awb-border-sizes-top:0px;--awb-border-sizes-bottom:0px;--awb-border-sizes-left:0px;--awb-border-sizes-right:0px;--awb-border-radius-top-left:0px;--awb-border-radius-top-right:0px;--awb-border-radius-bottom-right:0px;--awb-border-radius-bottom-left:0px;--awb-padding-top:0px;--awb-padding-bottom:20px;--awb-background-color:#ffffff;--awb-flex-wrap:wrap;\" ><div class=\"fusion-builder-row fusion-row\"><div class=\"fusion-layout-column fusion_builder_column fusion-builder-column-1 fusion_builder_column_1_1 1_1 fusion-one-full fusion-column-first fusion-column-last\" style=\"--awb-bg-blend:overlay;--awb-bg-size:cover;--awb-margin-top:-22px;\"><div class=\"fusion-column-wrapper fusion-flex-column-wrapper-legacy\"><div class=\"fusion-aligncenter\"><a class=\"fusion-button button-flat fusion-button-default-size button-custom fusion-button-default button-1 fusion-button-default-span fusion-button-default-type\" style=\"--button_accent_color:#ffffff;--button_border_color:#ffffff;--button_accent_hover_color:#333333;--button_border_hover_color:#333333;--button_border_width-top:2px;--button_border_width-right:2px;--button_border_width-bottom:2px;--button_border_width-left:2px;--button_gradient_top_color:#333333;--button_gradient_bottom_color:#333333;--button_gradient_top_color_hover:#ffffff;--button_gradient_bottom_color_hover:#ffffff;\" target=\"_self\" href=\"https:\/\/ecovidainstalacions.es\/contacto\/\"><span class=\"fusion-button-text awb-button__text awb-button__text--default\">Orzamento gratuito<\/span><\/a><\/div><div class=\"fusion-clearfix\"><\/div><\/div><\/div><\/div><\/div><div class=\"fusion-fullwidth fullwidth-box fusion-builder-row-3 nonhundred-percent-fullwidth non-hundred-percent-height-scrolling mass-responsive-section\" style=\"--awb-background-position:left top;--awb-border-sizes-top:0px;--awb-border-sizes-bottom:0px;--awb-border-sizes-left:0px;--awb-border-sizes-right:0px;--awb-border-radius-top-left:0px;--awb-border-radius-top-right:0px;--awb-border-radius-bottom-right:0px;--awb-border-radius-bottom-left:0px;--awb-padding-top:3%;--awb-padding-bottom:40px;--awb-flex-wrap:wrap;\" id=\"section1\" ><div class=\"fusion-builder-row fusion-row\"><div class=\"fusion-layout-column fusion_builder_column fusion-builder-column-2 fusion_builder_column_1_2 1_2 fusion-one-half fusion-column-first\" style=\"--awb-bg-size:cover;width:50%;width:calc(50% - ( ( 4% ) * 0.5 ) );margin-right: 4%;\"><div class=\"fusion-column-wrapper fusion-column-has-shadow fusion-flex-column-wrapper-legacy\"><div class=\"fusion-text fusion-text-2\"><h2 style=\"font-weight: 300; text-align: center;\" data-fontsize=\"32\" data-lineheight=\"41\">\u00bfPor qu\u00e9 instalar ventilaci\u00f3n mec\u00e1nica controlada (VMC)?<\/h2>\n<\/div><div class=\"fusion-sep-clear\"><\/div><div class=\"fusion-separator\" style=\"margin-left: auto;margin-right: auto;margin-top:0px;margin-bottom:30px;width:100%;max-width:206px;\"><div class=\"fusion-separator-border sep-single sep-solid\" style=\"--awb-height:20px;--awb-amount:20px;--awb-sep-color:#ec0000;border-color:#ec0000;border-top-width:2px;\"><\/div><\/div><div class=\"fusion-sep-clear\"><\/div><div class=\"fusion-text fusion-text-3\"><p>A <strong>ventilaci\u00f3n<\/strong> dunha vivenda ou local comercial \u00e9 fundamental para garantir a calidade do aire que respiramos. A falta de ventilaci\u00f3n, adem\u00e1is, vicia o aire de vapor de auga que remata creando condensaci\u00f3ns, favorecendo a aparici\u00f3n de <strong>mofos ou hongos<\/strong>.<\/p>\n<p>Sin ventilaci\u00f3n, adem\u00e1is do vapor de auga, o <strong>di\u00f3xido de carbono<\/strong> e outros contaminantes &#8220;pesan&#8221; no aire interior, repercutindo na salubridade do mesmo.<\/p>\n<p>En loc\u00e1is comerci\u00e1is e negocios, adem\u00e1is do aspecto de sa\u00fade e benestar, a ventilaci\u00f3n tam\u00e9n axuda a manter un bo funcionamento de certos equipos e m\u00e1quinas.<\/p>\n<p>A instalaci\u00f3n dun <strong>sistema de ventilaci\u00f3n mec\u00e1nica controlada (VMC)<\/strong>, \u00e9 a mellor opci\u00f3n para garantir a correcta renovaci\u00f3n do aire nunha vivenda ou local comercial, que \u00e9 insuficiente con medios manuais na maior\u00eda dos casos.<\/p>\n<p>As\u00ed mesmo, a instalaci\u00f3n dun sistema de ventilaci\u00f3n mec\u00e1nica controlada nunha vivenda de nova construcci\u00f3n, cumpre os requerimentos en materia de ventilaci\u00f3n e calidade do aire interior esixidos no <b>C\u00f3digo T\u00e9cnico de Edificaci\u00f3n (CTE),<\/b> as\u00ed como na <strong>Directiva Europea de Eficiencia Enerx\u00e9tica en Edificios (EPBD)<\/strong>.<\/p>\n<\/div><div class=\"fusion-clearfix\"><\/div><\/div><\/div><div class=\"fusion-layout-column fusion_builder_column fusion-builder-column-3 fusion_builder_column_1_2 1_2 fusion-one-half fusion-column-last\" style=\"--awb-bg-size:cover;width:50%;width:calc(50% - ( ( 4% ) * 0.5 ) );\"><div class=\"fusion-column-wrapper fusion-column-has-shadow fusion-flex-column-wrapper-legacy\"><div class=\"fusion-sep-clear\"><\/div><div class=\"fusion-separator fusion-full-width-sep\" style=\"margin-left: auto;margin-right: auto;margin-bottom:70px;width:100%;\"><\/div><div class=\"fusion-sep-clear\"><\/div><div class=\"fusion-image-element in-legacy-container\" style=\"--awb-caption-title-font-family:var(--h2_typography-font-family);--awb-caption-title-font-weight:var(--h2_typography-font-weight);--awb-caption-title-font-style:var(--h2_typography-font-style);--awb-caption-title-size:var(--h2_typography-font-size);--awb-caption-title-transform:var(--h2_typography-text-transform);--awb-caption-title-line-height:var(--h2_typography-line-height);--awb-caption-title-letter-spacing:var(--h2_typography-letter-spacing);\"><span class=\" fusion-imageframe imageframe-none imageframe-1 hover-type-none\"><img decoding=\"async\" width=\"668\" height=\"654\" title=\"esquema ventilacion opti\" src=\"https:\/\/ecovidainstalacions.es\/wp-content\/uploads\/2024\/06\/esquema-ventilacion-opti.gif\" alt class=\"img-responsive wp-image-2837\"\/><\/span><\/div><div class=\"fusion-clearfix\"><\/div><\/div><\/div><\/div><\/div><div class=\"fusion-fullwidth fullwidth-box fusion-builder-row-4 has-pattern-background has-mask-background hundred-percent-fullwidth non-hundred-percent-height-scrolling fusion-equal-height-columns\" style=\"--awb-background-position:right center;--awb-border-sizes-top:0px;--awb-border-sizes-bottom:0px;--awb-border-sizes-left:0px;--awb-border-sizes-right:0px;--awb-border-radius-top-left:0px;--awb-border-radius-top-right:0px;--awb-border-radius-bottom-right:0px;--awb-border-radius-bottom-left:0px;--awb-padding-top:0px;--awb-padding-right:8%;--awb-padding-bottom:80px;--awb-padding-left:8%;--awb-background-color:#f5f5f5;--awb-flex-wrap:wrap;\" ><div class=\"fusion-builder-row fusion-row\"><div class=\"fusion-layout-column fusion_builder_column fusion-builder-column-4 fusion_builder_column_1_1 1_1 fusion-one-full fusion-column-first fusion-column-last\" style=\"--awb-bg-blend:overlay;--awb-bg-size:cover;\"><div class=\"fusion-column-wrapper fusion-flex-column-wrapper-legacy\"><div class=\"fusion-section-separator section-separator big-half-circle fusion-section-separator-1\" style=\"--awb-spacer-height:99px;--awb-svg-margin-left:0;--awb-svg-margin-right:0;--awb-divider-height:99px;--awb-spacer-padding-top:inherit;--awb-sep-padding:0;--awb-svg-padding:0;\"><div class=\"fusion-section-separator-svg\"><svg class=\"fusion-big-half-circle-candy\" xmlns=\"http:\/\/www.w3.org\/2000\/svg\" version=\"1.1\" width=\"100%\" height=\"100\" viewBox=\"0 0 100 100\" preserveAspectRatio=\"none\" fill=\"rgba(255,255,255,1)\"><path d=\"M0 0 C55 180 100 0 100 0 Z\"><\/path><\/svg><\/div><div class=\"fusion-section-separator-spacer\"><div class=\"fusion-section-separator-spacer-height\"><\/div><\/div><\/div><div class=\"fusion-text fusion-text-4\"><h2 style=\"font-weight: 300; text-align: center;\" data-fontsize=\"32\" data-lineheight=\"41\">\u00bfC\u00f3mo funciona un sistema de ventilaci\u00f3n mec\u00e1nica controlada?<\/h2>\n<\/div><div class=\"fusion-sep-clear\"><\/div><div class=\"fusion-separator\" style=\"margin-left: auto;margin-right: auto;margin-top:0px;margin-bottom:30px;width:100%;max-width:206px;\"><div class=\"fusion-separator-border sep-single sep-solid\" style=\"--awb-height:20px;--awb-amount:20px;--awb-sep-color:#ec0000;border-color:#ec0000;border-top-width:2px;\"><\/div><\/div><div class=\"fusion-sep-clear\"><\/div><div class=\"fusion-text fusion-text-5\"><p>Os sistemas de <strong>ventilaci\u00f3n mec\u00e1nica controlada<\/strong> permiten a renovaci\u00f3n continua do aire dunha vivenda.<\/p>\n<p>Independentemente do tipo de sistema instalado, o principio de funcionamento \u00e9 o mesmo, os equipos de ventilaci\u00f3n mec\u00e1nica controlada extraen o aire viciado da vivenda, \u00e1 vez que introducen aire limpo do exterior, <strong>eliminando contaminantes\u00a0 e mellorando a calidade do aire<\/strong>, permitindo <strong>evitar a aparici\u00f3n de humidades por condensaci\u00f3n na vivenda<\/strong>.<\/p>\n<\/div><div class=\"fusion-clearfix\"><\/div><\/div><\/div><\/div><\/div><div class=\"fusion-fullwidth fullwidth-box fusion-builder-row-5 hundred-percent-fullwidth non-hundred-percent-height-scrolling fusion-equal-height-columns\" style=\"--awb-background-position:right center;--awb-border-sizes-top:0px;--awb-border-sizes-bottom:0px;--awb-border-sizes-left:0px;--awb-border-sizes-right:0px;--awb-border-radius-top-left:0px;--awb-border-radius-top-right:0px;--awb-border-radius-bottom-right:0px;--awb-border-radius-bottom-left:0px;--awb-padding-top:0px;--awb-padding-right:8%;--awb-padding-bottom:80px;--awb-padding-left:8%;--awb-flex-wrap:wrap;\" ><div class=\"fusion-builder-row fusion-row\"><div class=\"fusion-layout-column fusion_builder_column fusion-builder-column-5 fusion_builder_column_1_1 1_1 fusion-one-full fusion-column-first fusion-column-last\" style=\"--awb-bg-blend:overlay;--awb-bg-size:cover;\"><div class=\"fusion-column-wrapper fusion-flex-column-wrapper-legacy\"><div class=\"fusion-section-separator section-separator big-half-circle fusion-section-separator-2\" style=\"--awb-spacer-height:99px;--awb-svg-margin-left:0;--awb-svg-margin-right:0;--awb-divider-height:99px;--awb-spacer-padding-top:inherit;--awb-sep-padding:0;--awb-svg-padding:0;\"><div class=\"fusion-section-separator-svg\"><svg class=\"fusion-big-half-circle-candy\" xmlns=\"http:\/\/www.w3.org\/2000\/svg\" version=\"1.1\" width=\"100%\" height=\"100\" viewBox=\"0 0 100 100\" preserveAspectRatio=\"none\" fill=\"rgba(255,255,255,1)\"><path d=\"M0 0 C55 180 100 0 100 0 Z\"><\/path><\/svg><\/div><div class=\"fusion-section-separator-spacer\"><div class=\"fusion-section-separator-spacer-height\"><\/div><\/div><\/div><div class=\"fusion-text fusion-text-6\"><h2 style=\"font-weight: 300; text-align: center;\" data-fontsize=\"32\" data-lineheight=\"41\">Tipos de ventilaci\u00f3n mec\u00e1nica controlada<\/h2>\n<\/div><div class=\"fusion-sep-clear\"><\/div><div class=\"fusion-separator\" style=\"margin-left: auto;margin-right: auto;margin-top:0px;margin-bottom:30px;width:100%;max-width:206px;\"><div class=\"fusion-separator-border sep-single sep-solid\" style=\"--awb-height:20px;--awb-amount:20px;--awb-sep-color:#ec0000;border-color:#ec0000;border-top-width:2px;\"><\/div><\/div><div class=\"fusion-sep-clear\"><\/div><div class=\"fusion-flip-boxes flip-boxes row fusion-columns-3 flip-effect-classic\"><div class=\"fusion-flip-box-wrapper fusion-column col-lg-4 col-md-4 col-sm-4\"><div class=\"fusion-flip-box flip-right\" tabindex=\"0\"><div class=\"flip-box-inner-wrapper\"><div class=\"flip-box-front\" style=\"--awb-icon-color:#ffffff;--awb-background-color-front:#e8e8e8;--awb-text-front-color:#000000;\"><div class=\"flip-box-front-inner\"><div class=\"flip-box-grafix flip-box-image\"><img decoding=\"async\" src=\"https:\/\/ecovidainstalacions.es\/wp-content\/uploads\/2024\/06\/simpleweb.png\" width=\"100\" height=\"100\" alt=\"\" \/><\/div><h2 class=\"flip-box-heading\">SISTEMA DE SIMPLE FLUXO<\/h2>Renovaci\u00f3n de aire continua<\/div><\/div><div class=\"flip-box-back\" style=\"--awb-icon-color:#ffffff;--awb-text-back-color:#000000;\"><div class=\"flip-box-back-inner\">\n<p>Os equipos de VMC de <strong>simple fluxo<\/strong> extraen aire das estancias h\u00famidas da vivenda (cuartos de ba\u00f1o, coci\u00f1a, lavadeiro) provocando con esa extracci\u00f3n a entrada de aire desde as reixas previstas nas estancias secas, o que ocasiona unha renovaci\u00f3n constante do aire da vivenda.<\/p>\n<\/div><\/div><\/div><\/div><\/div><div class=\"fusion-flip-box-wrapper fusion-column col-lg-4 col-md-4 col-sm-4\"><div class=\"fusion-flip-box flip-right\" tabindex=\"0\"><div class=\"flip-box-inner-wrapper\"><div class=\"flip-box-front\" style=\"--awb-icon-color:#ffffff;--awb-background-color-front:#e8e8e8;--awb-text-front-color:#000000;\"><div class=\"flip-box-front-inner\"><div class=\"flip-box-grafix flip-box-image\"><img decoding=\"async\" src=\"https:\/\/ecovidainstalacions.es\/wp-content\/uploads\/2024\/06\/dobleweb.png\" width=\"100\" height=\"100\" alt=\"\" \/><\/div><h2 class=\"flip-box-heading\">SISTEMA DE DOBLE FLUXO<\/h2>Sistema de ventilaci\u00f3n con recuperador de calor.<\/div><\/div><div class=\"flip-box-back\" style=\"--awb-icon-color:#ffffff;--awb-text-back-color:#000000;\"><div class=\"flip-box-back-inner\">\n<p>Os equipos de <strong>VMC de doble fluxo<\/strong> extraen aire nas estancias h\u00famidas, \u00e1 vez que impulsan aire \u00e1s estancias secas. Estes fluxos de aire cr\u00fazanse nun intercambiador de calor, o que consegue que o aire que entra se queza en inverno, e se enfr\u00ede no ver\u00e1n, polo que se trata da ventilaci\u00f3n m\u00e1is eficiente.<\/p>\n<\/div><\/div><\/div><\/div><\/div><div class=\"fusion-flip-box-wrapper fusion-column col-lg-4 col-md-4 col-sm-4\"><div class=\"fusion-flip-box flip-right\" tabindex=\"0\"><div class=\"flip-box-inner-wrapper\"><div class=\"flip-box-front\" style=\"--awb-icon-color:#ffffff;--awb-background-color-front:#e8e8e8;--awb-text-front-color:#000000;\"><div class=\"flip-box-front-inner\"><div class=\"flip-box-grafix flip-box-image\"><img decoding=\"async\" src=\"https:\/\/ecovidainstalacions.es\/wp-content\/uploads\/2024\/06\/desc2.png\" width=\"100\" height=\"100\" alt=\"\" \/><\/div><h2 class=\"flip-box-heading\">SISTEMA DESCENTRALIZADO<\/h2>O sistema de ventilaci\u00f3n ideal para reformas<\/div><\/div><div class=\"flip-box-back\" style=\"--awb-icon-color:#ffffff;--awb-text-back-color:#000000;\"><div class=\"flip-box-back-inner\">\n<p>Os equipos de <strong>VMC descentralizada<\/strong> integran un recuperador de calor cer\u00e1mico e un ventilador reversible. Traballa extraendo aire \u00f3 exterior e impulsando aire \u00e1 vivenda por ciclos. Nun ciclo almacena calor no acumulador cer\u00e1mico para ceder ese calor \u00f3 aire no seguinte ciclo.<\/p>\n<\/div><\/div><\/div><\/div><\/div><\/div><div class=\"clearfix\"><\/div><div class=\"fusion-clearfix\"><\/div><\/div><\/div><\/div><\/div><div class=\"fusion-fullwidth fullwidth-box fusion-builder-row-6 has-pattern-background has-mask-background nonhundred-percent-fullwidth non-hundred-percent-height-scrolling\" style=\"--awb-border-sizes-top:0px;--awb-border-sizes-bottom:0px;--awb-border-sizes-left:0px;--awb-border-sizes-right:0px;--awb-border-radius-top-left:0px;--awb-border-radius-top-right:0px;--awb-border-radius-bottom-right:0px;--awb-border-radius-bottom-left:0px;--awb-background-color:#f5f5f5;--awb-flex-wrap:wrap;\" ><div class=\"fusion-builder-row fusion-row\"><div class=\"fusion-layout-column fusion_builder_column fusion-builder-column-6 fusion_builder_column_1_1 1_1 fusion-one-full fusion-column-first fusion-column-last\" style=\"--awb-bg-blend:overlay;--awb-bg-size:cover;\"><div class=\"fusion-column-wrapper fusion-flex-column-wrapper-legacy\"><div class=\"fusion-section-separator section-separator waves-opacity fusion-section-separator-3\" style=\"--awb-spacer-padding-top:21.09375%;--awb-svg-margin-left:0;--awb-svg-margin-right:0;--awb-sep-font-size:0;--awb-sep-line-height:0;\"><div class=\"fusion-section-separator-svg\"><svg class=\"fusion-waves-opacity-candy\" xmlns=\"http:\/\/www.w3.org\/2000\/svg\" version=\"1.1\" width=\"100%\" viewBox=\"0 1 1024 216\" preserveAspectRatio=\"none\" fill=\"rgba(255,255,255,1)\"><path class=\"st0\" d=\"M1024.1.4H.1L0 105.6c14.6 3.2 30.2 5.8 47.1 7.6 178.6 19.6 279.5-56.8 464.3-41.3 206.5 17.2 248.4 128.8 455 143.8 19 1.3 38.3.2 57.7-.3V.4z\"\/>\n\t\t\t\t\t\t\t\t\t\t<path class=\"st1\" d=\"M1024.1 196.4V.256H.1V80C22.8 86.4 48 91.4 76.3 94.6c178.6 19.8 272.2-53.9 457.1-38.4C740 73.4 730.7 180.9 937.3 196c27.2 2 56.6 2 86.8.4z\"\/>\n\t\t\t\t\t\t\t\t\t\t<path class=\"st2\" d=\"M1024.1.256H.1V36c45.1 15.4 95.2 27.7 150 33.7 178.6 19.8 220.6-46.8 405.4-31.3 206.6 17.2 197.8 114.7 404.4 129.7 20.4 1.5 42 2 64.2 1.7V.256z\"\/>\n\t\t\t\t\t\t\t\t\t\t<path class=\"st3\" d=\"M1024.1.156H.1V3.2c50.8 17.1 108.7 30.7 172.7 37.9 178.6 19.8 220-36.8 404.9-21.3 206.6 17.2 228 126.5 434.5 141.6 3.9.3 7.9.5 11.9.7V.156z\"\/>\n\t\t\t\t\t\t\t\t\t<\/svg><\/div><div class=\"fusion-section-separator-spacer\"><div class=\"fusion-section-separator-spacer-height\"><\/div><\/div><\/div><div class=\"fusion-builder-row fusion-builder-row-inner fusion-row\"><div class=\"fusion-layout-column fusion_builder_column_inner fusion-builder-nested-column-0 fusion_builder_column_inner_1_2 1_2 fusion-one-half fusion-column-first\" style=\"--awb-bg-size:cover;width:50%;width:calc(50% - ( ( 4% ) * 0.5 ) );margin-right: 4%;\"><div class=\"fusion-column-wrapper fusion-column-has-shadow fusion-flex-column-wrapper-legacy\"><div class=\"fusion-image-element in-legacy-container\" style=\"--awb-aspect-ratio: 100 \/ 100;--awb-object-position:36% 51%;--awb-caption-title-font-family:var(--h2_typography-font-family);--awb-caption-title-font-weight:var(--h2_typography-font-weight);--awb-caption-title-font-style:var(--h2_typography-font-style);--awb-caption-title-size:var(--h2_typography-font-size);--awb-caption-title-transform:var(--h2_typography-text-transform);--awb-caption-title-line-height:var(--h2_typography-line-height);--awb-caption-title-letter-spacing:var(--h2_typography-letter-spacing);\"><span class=\" fusion-imageframe imageframe-none imageframe-2 hover-type-none has-aspect-ratio\"><img decoding=\"async\" width=\"1512\" height=\"1008\" title=\"iNSTALACI\u00d3N DE VENTILACI\u00d3N\" src=\"https:\/\/ecovidainstalacions.es\/wp-content\/uploads\/2024\/06\/iNSTALACION-DE-VENTILACION.jpg\" class=\"img-responsive wp-image-2841 img-with-aspect-ratio\" data-parent-fit=\"cover\" data-parent-container=\".fusion-image-element\" alt srcset=\"https:\/\/ecovidainstalacions.es\/wp-content\/uploads\/2024\/06\/iNSTALACION-DE-VENTILACION-200x133.jpg 200w, https:\/\/ecovidainstalacions.es\/wp-content\/uploads\/2024\/06\/iNSTALACION-DE-VENTILACION-400x267.jpg 400w, https:\/\/ecovidainstalacions.es\/wp-content\/uploads\/2024\/06\/iNSTALACION-DE-VENTILACION-600x400.jpg 600w, https:\/\/ecovidainstalacions.es\/wp-content\/uploads\/2024\/06\/iNSTALACION-DE-VENTILACION-800x533.jpg 800w, https:\/\/ecovidainstalacions.es\/wp-content\/uploads\/2024\/06\/iNSTALACION-DE-VENTILACION-1200x800.jpg 1200w, https:\/\/ecovidainstalacions.es\/wp-content\/uploads\/2024\/06\/iNSTALACION-DE-VENTILACION.jpg 1512w\" sizes=\"(max-width: 800px) 100vw, 600px\" \/><\/span><\/div><div class=\"fusion-clearfix\"><\/div><\/div><\/div><div class=\"fusion-layout-column fusion_builder_column_inner fusion-builder-nested-column-1 fusion_builder_column_inner_1_2 1_2 fusion-one-half fusion-column-last\" style=\"--awb-bg-size:cover;width:50%;width:calc(50% - ( ( 4% ) * 0.5 ) );\"><div class=\"fusion-column-wrapper fusion-column-has-shadow fusion-flex-column-wrapper-legacy\"><div class=\"fusion-text fusion-text-7\"><h2 style=\"font-weight: 300; text-align: center;\" data-fontsize=\"32\" data-lineheight=\"41\">\u00bfQueres instalar un sistema de ventilaci\u00f3n mec\u00e1nica controlada?<\/h2>\n<\/div><div class=\"fusion-sep-clear\"><\/div><div class=\"fusion-separator\" style=\"margin-left: auto;margin-right: auto;margin-bottom:30px;width:100%;max-width:206px;\"><div class=\"fusion-separator-border sep-single sep-solid\" style=\"--awb-height:20px;--awb-amount:20px;--awb-sep-color:#ec0000;border-color:#ec0000;border-top-width:2px;\"><\/div><\/div><div class=\"fusion-sep-clear\"><\/div><div class=\"fusion-text fusion-text-8\"><p>Si necesitas<strong> instalar un sistema VMC<\/strong>, en Ecovida Instalaci\u00f3ns somos unha <strong>empresa instaladora\u00a0de ventilaci\u00f3n mec\u00e1nica controlada na provincia de Pontevedra<\/strong>.<\/p>\n<p>Xa sexa con motivo de mellorar a calidade do aire, ou para evitar humidades por condensaci\u00f3n, <strong>instalar VMC en Pontevedra<\/strong> mellora o confort e a salubridade das vivendas.<\/p>\n<p>Contacta con n\u00f3s e asesorar\u00e9moste da mellor maneira para instalar ventilaci\u00f3n mec\u00e1nica, tanto para unha instalaci\u00f3n de ventilaci\u00f3n mec\u00e1nica de simple fluxo, unha instalaci\u00f3n de ventilaci\u00f3n mec\u00e1nica con recuperador de calor, ou unha instalaci\u00f3n de ventilaci\u00f3n mec\u00e1nica descentralizada.<\/p>\n<\/div><div class=\"fusion-clearfix\"><\/div><\/div><\/div><\/div><div class=\"fusion-sep-clear\"><\/div><div class=\"fusion-separator fusion-full-width-sep\" style=\"margin-left: auto;margin-right: auto;margin-bottom:50px;width:100%;\"><\/div><div class=\"fusion-sep-clear\"><\/div><div class=\"fusion-sep-clear\"><\/div><div class=\"fusion-separator\" style=\"margin-left: auto;margin-right: auto;margin-top:0px;margin-bottom:30px;width:100%;max-width:1500px;\"><div class=\"fusion-separator-border sep-shadow\" style=\"--awb-height:20px;--awb-amount:20px;--awb-sep-color:var(--awb-custom11);background:radial-gradient(ellipse at 50% -50% , var(--awb-custom11) 0px, rgba(255, 255, 255, 0) 80%) repeat scroll 0 0 rgba(0, 0, 0, 0);background:-webkit-radial-gradient(ellipse at 50% -50% , var(--awb-custom11) 0px, rgba(255, 255, 255, 0) 80%) repeat scroll 0 0 rgba(0, 0, 0, 0);background:-moz-radial-gradient(ellipse at 50% -50% , var(--awb-custom11) 0px, rgba(255, 255, 255, 0) 80%) repeat scroll 0 0 rgba(0, 0, 0, 0);background:-o-radial-gradient(ellipse at 50% -50% , var(--awb-custom11) 0px, rgba(255, 255, 255, 0) 80%) repeat scroll 0 0 rgba(0, 0, 0, 0);\"><\/div><\/div><div class=\"fusion-sep-clear\"><\/div><div class=\"fusion-clearfix\"><\/div><\/div><\/div><\/div><\/div><div class=\"fusion-bg-parallax\" data-bg-align=\"center bottom\" data-direction=\"down\" data-mute=\"false\" data-opacity=\"100\" data-velocity=\"-0.3\" data-mobile-enabled=\"false\" data-break_parents=\"0\" data-bg-image=\"https:\/\/ecovidainstalacions.es\/wp-content\/uploads\/2024\/07\/tubos-ventilacion.jpg\" data-bg-repeat=\"false\" data-bg-color=\"#3f3f3f\" ><\/div><div class=\"fusion-fullwidth fullwidth-box fusion-builder-row-7 has-pattern-background has-mask-background fusion-parallax-down nonhundred-percent-fullwidth non-hundred-percent-height-scrolling fusion-equal-height-columns\" style=\"--awb-background-position:center bottom;--awb-border-sizes-top:0px;--awb-border-sizes-bottom:0px;--awb-border-sizes-left:0px;--awb-border-sizes-right:0px;--awb-border-radius-top-left:0px;--awb-border-radius-top-right:0px;--awb-border-radius-bottom-right:0px;--awb-border-radius-bottom-left:0px;--awb-padding-top:100px;--awb-padding-bottom:90px;--awb-background-color:#3f3f3f;--awb-background-image:url(&quot;https:\/\/ecovidainstalacions.es\/wp-content\/uploads\/2024\/07\/tubos-ventilacion.jpg&quot;);--awb-background-size:cover;--awb-flex-wrap:wrap;\" ><div class=\"fusion-builder-row fusion-row\"><div class=\"fusion-layout-column fusion_builder_column fusion-builder-column-7 fusion_builder_column_2_3 2_3 fusion-two-third fusion-column-first\" style=\"--awb-bg-blend:overlay;--awb-bg-size:cover;--awb-margin-bottom:25px;width:66.666666666667%;width:calc(66.666666666667% - ( ( 50px ) * 0.66666666666667 ) );margin-right: 50px;\"><div class=\"fusion-column-wrapper fusion-flex-column-wrapper-legacy\"><div class=\"fusion-column-content-centered\"><div class=\"fusion-column-content\"><div class=\"fusion-text fusion-text-9\"><h1 style=\"font-weight: 300;\" data-fontsize=\"34\" data-lineheight=\"47\"><span style=\"color: #ffffff;\">Podemos instalar o teu equipo de ventilaci\u00f3n<\/span><\/h1>\n<\/div><div class=\"fusion-sep-clear\"><\/div><div class=\"fusion-separator fusion-clearfix\" style=\"float:left;margin-top:0px;margin-bottom:30px;width:100%;max-width:206px;\"><div class=\"fusion-separator-border sep-single sep-solid\" style=\"--awb-height:20px;--awb-amount:20px;--awb-sep-color:#ec0000;border-color:#ec0000;border-top-width:2px;\"><\/div><\/div><div class=\"fusion-sep-clear\"><\/div><div class=\"fusion-text fusion-text-10\"><h3 data-fontsize=\"20\" data-lineheight=\"29\"><span style=\"color: #ffffff;\">Dinos\u00a0 en qu\u00e9 sistema de ventilaci\u00f3n est\u00e1s pensando, e poderemos axudarte!<\/span><\/h3>\n<\/div><\/div><\/div><div class=\"fusion-clearfix\"><\/div><\/div><\/div><div class=\"fusion-layout-column fusion_builder_column fusion-builder-column-8 fusion_builder_column_1_3 1_3 fusion-one-third fusion-column-last\" style=\"--awb-bg-blend:overlay;--awb-bg-size:cover;width:33.333333333333%;width:calc(33.333333333333% - ( ( 50px ) * 0.33333333333333 ) );\"><div class=\"fusion-column-wrapper fusion-flex-column-wrapper-legacy\"><div class=\"fusion-column-content-centered\"><div class=\"fusion-column-content\"><div class=\"fusion-alignleft\"><a class=\"fusion-button button-flat button-xlarge button-default fusion-button-default button-2 fusion-button-default-span fusion-button-default-type\" target=\"_self\" title=\"ORZAMENTO GRATUITO\" aria-label=\"ORZAMENTO GRATUITO\" href=\"https:\/\/ecovidainstalacions.es\/contacto\"><span class=\"fusion-button-text awb-button__text awb-button__text--default\">orzamento gratuito<\/span><\/a><\/div><\/div><\/div><div class=\"fusion-clearfix\"><\/div><\/div><\/div><\/div><\/div><\/p>\n","protected":false},"excerpt":{"rendered":"","protected":false},"author":1,"featured_media":0,"parent":0,"menu_order":0,"comment_status":"closed","ping_status":"closed","template":"100-width.php","meta":{"footnotes":""},"class_list":["post-2744","page","type-page","status-publish","hentry"],"yoast_head":"<!-- This site is optimized with the Yoast SEO plugin v27.3 - https:\/\/yoast.com\/product\/yoast-seo-wordpress\/ -->\n<title>VENTILACI\u00d3N MEC\u00c1NICA - Ecovida Instalaci\u00f3ns<\/title>\n<meta name=\"robots\" content=\"index, follow, max-snippet:-1, max-image-preview:large, max-video-preview:-1\" \/>\n<link rel=\"canonical\" href=\"https:\/\/ecovidainstalacions.es\/gl\/ventilacion-mecanica\/\" \/>\n<meta property=\"og:locale\" content=\"gl_ES\" \/>\n<meta property=\"og:type\" content=\"article\" \/>\n<meta property=\"og:title\" content=\"VENTILACI\u00d3N MEC\u00c1NICA - Ecovida Instalaci\u00f3ns\" \/>\n<meta property=\"og:url\" content=\"https:\/\/ecovidainstalacions.es\/gl\/ventilacion-mecanica\/\" \/>\n<meta property=\"og:site_name\" content=\"Ecovida Instalaci\u00f3ns\" \/>\n<meta property=\"article:publisher\" content=\"https:\/\/www.facebook.com\/profile.php?id=100064154315748\" \/>\n<meta property=\"article:modified_time\" content=\"2024-07-08T14:45:51+00:00\" \/>\n<meta name=\"twitter:card\" content=\"summary_large_image\" \/>\n<meta name=\"twitter:label1\" content=\"Tempo de lectura\" \/>\n\t<meta name=\"twitter:data1\" content=\"6 minutos\" \/>\n<script type=\"application\/ld+json\" class=\"yoast-schema-graph\">{\"@context\":\"https:\\\/\\\/schema.org\",\"@graph\":[{\"@type\":\"WebPage\",\"@id\":\"https:\\\/\\\/ecovidainstalacions.es\\\/gl\\\/ventilacion-mecanica\\\/\",\"url\":\"https:\\\/\\\/ecovidainstalacions.es\\\/gl\\\/ventilacion-mecanica\\\/\",\"name\":\"VENTILACI\u00d3N MEC\u00c1NICA - Ecovida Instalaci\u00f3ns\",\"isPartOf\":{\"@id\":\"https:\\\/\\\/ecovidainstalacions.es\\\/gl\\\/#website\"},\"datePublished\":\"2024-06-19T13:39:22+00:00\",\"dateModified\":\"2024-07-08T14:45:51+00:00\",\"breadcrumb\":{\"@id\":\"https:\\\/\\\/ecovidainstalacions.es\\\/gl\\\/ventilacion-mecanica\\\/#breadcrumb\"},\"inLanguage\":\"gl-ES\",\"potentialAction\":[{\"@type\":\"ReadAction\",\"target\":[\"https:\\\/\\\/ecovidainstalacions.es\\\/gl\\\/ventilacion-mecanica\\\/\"]}]},{\"@type\":\"BreadcrumbList\",\"@id\":\"https:\\\/\\\/ecovidainstalacions.es\\\/gl\\\/ventilacion-mecanica\\\/#breadcrumb\",\"itemListElement\":[{\"@type\":\"ListItem\",\"position\":1,\"name\":\"Portada\",\"item\":\"https:\\\/\\\/ecovidainstalacions.es\\\/gl\\\/\"},{\"@type\":\"ListItem\",\"position\":2,\"name\":\"VENTILACI\u00d3N MEC\u00c1NICA\"}]},{\"@type\":\"WebSite\",\"@id\":\"https:\\\/\\\/ecovidainstalacions.es\\\/gl\\\/#website\",\"url\":\"https:\\\/\\\/ecovidainstalacions.es\\\/gl\\\/\",\"name\":\"Ecovida Instalaci\u00f3ns\",\"description\":\"Calefacci\u00f3n, fontaner\u00eda, climatizaci\u00f3n, renovables\",\"publisher\":{\"@id\":\"https:\\\/\\\/ecovidainstalacions.es\\\/gl\\\/#organization\"},\"potentialAction\":[{\"@type\":\"SearchAction\",\"target\":{\"@type\":\"EntryPoint\",\"urlTemplate\":\"https:\\\/\\\/ecovidainstalacions.es\\\/gl\\\/?s={search_term_string}\"},\"query-input\":{\"@type\":\"PropertyValueSpecification\",\"valueRequired\":true,\"valueName\":\"search_term_string\"}}],\"inLanguage\":\"gl-ES\"},{\"@type\":\"Organization\",\"@id\":\"https:\\\/\\\/ecovidainstalacions.es\\\/gl\\\/#organization\",\"name\":\"Ecovida Instalaci\u00f3ns\",\"url\":\"https:\\\/\\\/ecovidainstalacions.es\\\/gl\\\/\",\"logo\":{\"@type\":\"ImageObject\",\"inLanguage\":\"gl-ES\",\"@id\":\"https:\\\/\\\/ecovidainstalacions.es\\\/gl\\\/#\\\/schema\\\/logo\\\/image\\\/\",\"url\":\"https:\\\/\\\/ecovidainstalacions.es\\\/wp-content\\\/uploads\\\/2024\\\/07\\\/Logo-ecovida-fondo-blanco.png\",\"contentUrl\":\"https:\\\/\\\/ecovidainstalacions.es\\\/wp-content\\\/uploads\\\/2024\\\/07\\\/Logo-ecovida-fondo-blanco.png\",\"width\":1500,\"height\":700,\"caption\":\"Ecovida Instalaci\u00f3ns\"},\"image\":{\"@id\":\"https:\\\/\\\/ecovidainstalacions.es\\\/gl\\\/#\\\/schema\\\/logo\\\/image\\\/\"},\"sameAs\":[\"https:\\\/\\\/www.facebook.com\\\/profile.php?id=100064154315748\"]}]}<\/script>\n<!-- \/ Yoast SEO plugin. -->","yoast_head_json":{"title":"VENTILACI\u00d3N MEC\u00c1NICA - Ecovida Instalaci\u00f3ns","robots":{"index":"index","follow":"follow","max-snippet":"max-snippet:-1","max-image-preview":"max-image-preview:large","max-video-preview":"max-video-preview:-1"},"canonical":"https:\/\/ecovidainstalacions.es\/gl\/ventilacion-mecanica\/","og_locale":"gl_ES","og_type":"article","og_title":"VENTILACI\u00d3N MEC\u00c1NICA - Ecovida Instalaci\u00f3ns","og_url":"https:\/\/ecovidainstalacions.es\/gl\/ventilacion-mecanica\/","og_site_name":"Ecovida Instalaci\u00f3ns","article_publisher":"https:\/\/www.facebook.com\/profile.php?id=100064154315748","article_modified_time":"2024-07-08T14:45:51+00:00","twitter_card":"summary_large_image","twitter_misc":{"Tempo de lectura":"6 minutos"},"schema":{"@context":"https:\/\/schema.org","@graph":[{"@type":"WebPage","@id":"https:\/\/ecovidainstalacions.es\/gl\/ventilacion-mecanica\/","url":"https:\/\/ecovidainstalacions.es\/gl\/ventilacion-mecanica\/","name":"VENTILACI\u00d3N MEC\u00c1NICA - Ecovida Instalaci\u00f3ns","isPartOf":{"@id":"https:\/\/ecovidainstalacions.es\/gl\/#website"},"datePublished":"2024-06-19T13:39:22+00:00","dateModified":"2024-07-08T14:45:51+00:00","breadcrumb":{"@id":"https:\/\/ecovidainstalacions.es\/gl\/ventilacion-mecanica\/#breadcrumb"},"inLanguage":"gl-ES","potentialAction":[{"@type":"ReadAction","target":["https:\/\/ecovidainstalacions.es\/gl\/ventilacion-mecanica\/"]}]},{"@type":"BreadcrumbList","@id":"https:\/\/ecovidainstalacions.es\/gl\/ventilacion-mecanica\/#breadcrumb","itemListElement":[{"@type":"ListItem","position":1,"name":"Portada","item":"https:\/\/ecovidainstalacions.es\/gl\/"},{"@type":"ListItem","position":2,"name":"VENTILACI\u00d3N MEC\u00c1NICA"}]},{"@type":"WebSite","@id":"https:\/\/ecovidainstalacions.es\/gl\/#website","url":"https:\/\/ecovidainstalacions.es\/gl\/","name":"Ecovida Instalaci\u00f3ns","description":"Calefacci\u00f3n, fontaner\u00eda, climatizaci\u00f3n, renovables","publisher":{"@id":"https:\/\/ecovidainstalacions.es\/gl\/#organization"},"potentialAction":[{"@type":"SearchAction","target":{"@type":"EntryPoint","urlTemplate":"https:\/\/ecovidainstalacions.es\/gl\/?s={search_term_string}"},"query-input":{"@type":"PropertyValueSpecification","valueRequired":true,"valueName":"search_term_string"}}],"inLanguage":"gl-ES"},{"@type":"Organization","@id":"https:\/\/ecovidainstalacions.es\/gl\/#organization","name":"Ecovida Instalaci\u00f3ns","url":"https:\/\/ecovidainstalacions.es\/gl\/","logo":{"@type":"ImageObject","inLanguage":"gl-ES","@id":"https:\/\/ecovidainstalacions.es\/gl\/#\/schema\/logo\/image\/","url":"https:\/\/ecovidainstalacions.es\/wp-content\/uploads\/2024\/07\/Logo-ecovida-fondo-blanco.png","contentUrl":"https:\/\/ecovidainstalacions.es\/wp-content\/uploads\/2024\/07\/Logo-ecovida-fondo-blanco.png","width":1500,"height":700,"caption":"Ecovida Instalaci\u00f3ns"},"image":{"@id":"https:\/\/ecovidainstalacions.es\/gl\/#\/schema\/logo\/image\/"},"sameAs":["https:\/\/www.facebook.com\/profile.php?id=100064154315748"]}]}},"_links":{"self":[{"href":"https:\/\/ecovidainstalacions.es\/gl\/wp-json\/wp\/v2\/pages\/2744","targetHints":{"allow":["GET"]}}],"collection":[{"href":"https:\/\/ecovidainstalacions.es\/gl\/wp-json\/wp\/v2\/pages"}],"about":[{"href":"https:\/\/ecovidainstalacions.es\/gl\/wp-json\/wp\/v2\/types\/page"}],"author":[{"embeddable":true,"href":"https:\/\/ecovidainstalacions.es\/gl\/wp-json\/wp\/v2\/users\/1"}],"replies":[{"embeddable":true,"href":"https:\/\/ecovidainstalacions.es\/gl\/wp-json\/wp\/v2\/comments?post=2744"}],"version-history":[{"count":74,"href":"https:\/\/ecovidainstalacions.es\/gl\/wp-json\/wp\/v2\/pages\/2744\/revisions"}],"predecessor-version":[{"id":3171,"href":"https:\/\/ecovidainstalacions.es\/gl\/wp-json\/wp\/v2\/pages\/2744\/revisions\/3171"}],"wp:attachment":[{"href":"https:\/\/ecovidainstalacions.es\/gl\/wp-json\/wp\/v2\/media?parent=2744"}],"curies":[{"name":"wp","href":"https:\/\/api.w.org\/{rel}","templated":true}]}}